{"id":30887,"date":"2024-03-17T23:36:22","date_gmt":"2024-03-17T22:36:22","guid":{"rendered":"https:\/\/raisondhetre.ch\/?page_id=30887"},"modified":"2026-04-28T23:14:08","modified_gmt":"2026-04-28T21:14:08","slug":"camps","status":"publish","type":"page","link":"https:\/\/raisondhetre.ch\/fr\/camps\/","title":{"rendered":"Camps"},"content":{"rendered":"\n<p>Nous proposons des camps tout au long de l&rsquo;ann\u00e9e, de P\u00e2ques \u00e0 l&rsquo;\u00e9t\u00e9 et m\u00eame pendant les vacances d&rsquo;octobre! \u00c9veillez votre force int\u00e9rieure et explorez la nature! Camps de yoga et yoga a\u00e9rien ludiques, alliant mouvement, pleine conscience et aventures.<\/p>\n\n\n\n<p><strong>Sauf avis contraire, tous les camps se d\u00e9roulent \u00e0 notre studio Raison d&rsquo;H\u00eatre \u00e0 Begnins.<\/strong><\/p>\n\n\n\n<p>Revenez r\u00e9guli\u00e8rement pour d\u00e9couvrir nos derni\u00e8res offres!<\/p>\n\n\n\n<style>\n.tooltip {\n  position: relative;\n}\n\n.tooltip .tooltiptext {\n  visibility: hidden;\n  width: 210px;\n  top: 100%;\n  left: 50%;\n  margin-left: -105px;\n  background-color: #80b23e;\n  color: #fff;\n  text-align: center;\n  border-radius: 6px;\n  padding: 5px 0;\nfont-size:1rem;\n\n  \/* Position the tooltip *\/\n  position: absolute;\n  z-index: 1;\n}\n.tooltip .tooltiptext::after {\n  content: \" \";\n  position: absolute;\n  bottom: 100%;\n  left: 50%;\n  margin-left: -5px;\n  border-width: 5px;\n  border-style: solid;\n  border-color: transparent transparent #80b23e transparent;\n}\n.tooltip:hover .tooltiptext {\n  visibility: visible;\n}\n<\/style>\n\n<!--<h4 style=\"text-align:center;\">P\u00e2ques<\/h4>\n<div class=\"card-container\">\n<div class=\"card\">\n  <img decoding=\"async\" class=\"card-img\" src=\"https:\/\/raisondhetre.ch\/wp-content\/uploads\/2025\/02\/Camps.png\" alt=\"Kids Fly Yoga Camp de P\u00e2ques\">\n  <div class=\"hover-text\">Les collations, tous les mat\u00e9riaux, tous les billets et transports pour les activit\u00e9s sont inclus dans le prix. Les enfants am\u00e8nent un pique-nique.<\/div>\n  <div class=\"card-text\"> \n<h5 style=\"margin:0 0 0;\"><b>Kids Fly Yoga Camp de P\u00e2ques<br\/><span style=\"font-size:1rem;\"><\/span><\/b><\/h5>\n<p class=\"desc\">Les collations, tous les mat\u00e9riaux, tous les billets et transports pour les activit\u00e9s sont inclus dans le prix.  Les enfants am\u00e8nent un pique-nique.<\/p>\n<p class=\"date\">Lun 13 - Ven 17 avril<br\/>9:00 - 16:00<\/p>\n    <p>CHF 520<\/p>\n<div style=\"text-align: center; padding-bottom: 20px;\"><a class=\"book-button\" href=\"https:\/\/app.acuityscheduling.com\/schedule.php?owner=20367979&appointmentType=46550097\" target=\"_blank\" rel=\"noopener\" style=\"font-size: 1rem;\">R\u00e9server<\/a>\n\t<link rel=\"stylesheet\" href=\"https:\/\/embed.acuityscheduling.com\/embed\/button\/20367979.css\" id=\"acuity-button-styles\">\n\t\t\t\t<script src=\"https:\/\/embed.acuityscheduling.com\/embed\/button\/20367979.js\" async=\"\"><\/script><\/div>\n  <\/div>\n<\/div>\n<\/div>-->\n\n<h4 style=\"text-align:center;\">\u00c9t\u00e9<\/h4>\n<div class=\"card-container\">\n<!--<div class=\"card\">\n  <img decoding=\"async\" class=\"card-img\" src=\"https:\/\/raisondhetre.ch\/wp-content\/uploads\/2025\/02\/Spring_balance.webp\" alt=\"Summer Balance camp @ LCIS\">\n    <div class=\"hover-text\">Les d\u00e9jeuners, collations, tous les mat\u00e9riaux, tous les billets et transports pour les activit\u00e9s sont inclus dans le prix.<\/div>\n  <div class=\"card-text\">\n<h5 style=\"margin:0 0 0;\"><b>Equilibre d'\u00c9t\u00e9 I<br\/><span style=\"font-size:1rem;\">(3-8 ans)<\/span><\/b><\/h5>\n<p class=\"tooltip\"><span style=\"border-bottom:2px dotted #80b23e\">@LCIS<\/span><span class=\"tooltiptext\">La C\u00f4te International School<\/span><\/p>\n  <p class=\"desc\">Les d\u00e9jeuners, collations, tous les mat\u00e9riaux, tous les billets et transports pour les activit\u00e9s sont inclus dans le prix.<\/p>\n<p class=\"date\">Lun 23 juin - Ven 27 juin<br\/>9:00 - 16:00<\/p>\n    <p class=\"card-price\">CHF 590<\/p>\n<div style=\"text-align: center; padding-bottom: 20px;\"><a class=\"book-button\" href=\"mailto:info@raisondhetre.ch?subject=Camp equilibre d'\u00e9t\u00e9 1\" target=\"_blank\" rel=\"noopener\" style=\"font-size: 1rem;\">R\u00e9server<\/a>\n<\/div>\n  <\/div>\n<\/div>-->\n<div class=\"card\">\n  <img decoding=\"async\" class=\"card-img\" src=\"https:\/\/raisondhetre.ch\/wp-content\/uploads\/2025\/02\/Camps.png\" alt=\"Aerial Yoga &#038; Nature Adventure\">\n  <div class=\"hover-text\">Les collations, tous les mat\u00e9riaux, tous les billets et transports pour les activit\u00e9s sont inclus dans le prix. Les enfants am\u00e8nent un pique-nique.<\/div>\n  <div class=\"card-text\"> \n<h5 style=\"margin:0 0 0;\"><b>Yoga A\u00e9rien &#038; Nature Aventure I<br\/><span style=\"font-size:1rem;\">(3-10 ans)<\/span><\/b><\/h5>\n<p class=\"desc\">Les collations, tous les mat\u00e9riaux, tous les billets et transports pour les activit\u00e9s sont inclus dans le prix. Les enfants am\u00e8nent un pique-nique.<\/p>\n<p class=\"date\">Lun 22 &#8211; Ven 26 juin<br\/>9:00 &#8211; 16:00<\/p>\n    <p>CHF 550<\/p>\n<div style=\"text-align: center; padding-bottom: 20px;\"><a class=\"book-button\" href=\"https:\/\/app.acuityscheduling.com\/schedule.php?owner=20367979&#038;appointmentType=63417875\" target=\"_blank\" rel=\"noopener\" style=\"font-size: 1rem;\">R\u00e9server<\/a>\n\t<link rel=\"stylesheet\" href=\"https:\/\/embed.acuityscheduling.com\/embed\/button\/20367979.css\" id=\"acuity-button-styles\">\n\t\t\t\t<script src=\"https:\/\/embed.acuityscheduling.com\/embed\/button\/20367979.js\" async=\"\"><\/script><\/div>\n  <\/div>\n<\/div>\n<div class=\"card\">\n  <img decoding=\"async\" class=\"card-img\" src=\"https:\/\/raisondhetre.ch\/wp-content\/uploads\/2025\/02\/Camps.png\" alt=\"Aerial Yoga &#038; Nature Adventure\">\n  <div class=\"hover-text\">Les collations, tous les mat\u00e9riaux, tous les billets et transports pour les activit\u00e9s sont inclus dans le prix. Les enfants am\u00e8nent un pique-nique.<\/div>\n  <div class=\"card-text\"> \n<h5 style=\"margin:0 0 0;\"><b>Yoga A\u00e9rien &#038; Nature Aventure II<br\/><span style=\"font-size:1rem;\">(3-10 ans)<\/span><\/b><\/h5>\n<p class=\"desc\">Les collations, tous les mat\u00e9riaux, tous les billets et transports pour les activit\u00e9s sont inclus dans le prix. Les enfants am\u00e8nent un pique-nique.<\/p>\n<p class=\"date\">Lun 29 juin &#8211; Ven 3 juillet<br\/>9:00 &#8211; 16:00<\/p>\n    <p>CHF 550<\/p>\n<div style=\"text-align: center; padding-bottom: 20px;\"><a class=\"book-button\" href=\"https:\/\/app.acuityscheduling.com\/schedule.php?owner=20367979&#038;appointmentType=87410050\" target=\"_blank\" rel=\"noopener\" style=\"font-size: 1rem;\">R\u00e9server<\/a>\n\t<link rel=\"stylesheet\" href=\"https:\/\/embed.acuityscheduling.com\/embed\/button\/20367979.css\" id=\"acuity-button-styles\">\n\t\t\t\t<script src=\"https:\/\/embed.acuityscheduling.com\/embed\/button\/20367979.js\" async=\"\"><\/script><\/div>\n  <\/div>\n<\/div>\n<\/div>\n\n<div class=\"card-container\">\n<div class=\"card\">\n  <img decoding=\"async\" class=\"card-img\" src=\"https:\/\/raisondhetre.ch\/wp-content\/uploads\/2025\/02\/Camps.png\" alt=\"Aerial Yoga, Nature &#038; Water Camp\">\n  <div class=\"hover-text\">Les collations, tous les mat\u00e9riaux, et les activit\u00e9s sont inclus dans le prix.<\/div>\n  <div class=\"card-text\"> \n<h5 style=\"margin:0 0 0;\"><b>Matin: Yoga, Yoga A\u00e9rien &#038; Nature Aventure<br\/><span style=\"font-size:1rem;\">(3-11 ans)<\/span><\/b><\/h5>\n<p class=\"desc\">Les collations, tous les mat\u00e9riaux, et les activit\u00e9s sont inclus dans le prix.<\/p>\n<p class=\"date\">Lun 6 &#8211; Ven 10 juillet<br\/>9:00 &#8211; 12:00<\/p>\n    <p>CHF 347<\/p>\n<div style=\"text-align: center; padding-bottom: 20px;\"><a class=\"book-button\" href=\"https:\/\/app.acuityscheduling.com\/schedule.php?owner=20367979&#038;appointmentType=60459099\" target=\"_blank\" rel=\"noopener\" style=\"font-size: 1rem;\">R\u00e9server<\/a>\n\t<link rel=\"stylesheet\" href=\"https:\/\/embed.acuityscheduling.com\/embed\/button\/20367979.css\" id=\"acuity-button-styles\">\n\t\t\t\t<script src=\"https:\/\/embed.acuityscheduling.com\/embed\/button\/20367979.js\" async=\"\"><\/script><\/div>\n  <\/div>\n<\/div>\n<div class=\"card\">\n  <img decoding=\"async\" class=\"card-img\" src=\"https:\/\/raisondhetre.ch\/wp-content\/uploads\/2025\/02\/Camps.png\" alt=\"Aerial Yoga, Nature &#038; Water Camp\">\n  <div class=\"hover-text\">Les collations, tous les mat\u00e9riaux, et les activit\u00e9s sont inclus dans le prix.<\/div>\n  <div class=\"card-text\"> \n<h5 style=\"margin:0 0 0;\"><b>Apr\u00e8s-midi: Yoga A\u00e9rien &#038; D\u00e9couverte du Bien-\u00eatre<br\/><span style=\"font-size:1rem;\">(12-15 ans)<\/span><\/b><\/h5>\n<p class=\"desc\">Les collations, tous les mat\u00e9riaux, et les activit\u00e9s sont inclus dans le prix.<\/p>\n<p class=\"date\">Lun 6 &#8211; Ven 10 juillet<br\/>14:00 &#8211; 17:00<\/p>\n    <p>CHF 347<\/p>\n<div style=\"text-align: center; padding-bottom: 20px;\"><a class=\"book-button\" href=\"https:\/\/app.acuityscheduling.com\/schedule.php?owner=20367979&#038;appointmentType=60421277\" target=\"_blank\" rel=\"noopener\" style=\"font-size: 1rem;\">R\u00e9server<\/a>\n\t<link rel=\"stylesheet\" href=\"https:\/\/embed.acuityscheduling.com\/embed\/button\/20367979.css\" id=\"acuity-button-styles\">\n\t\t\t\t<script src=\"https:\/\/embed.acuityscheduling.com\/embed\/button\/20367979.js\" async=\"\"><\/script><\/div>\n  <\/div>\n<\/div>\n<\/div>\n\n<!--<h4 style=\"text-align:center;\">Vacances d'Octobre<\/h4>\n<div class=\"card-container\">\n<div class=\"card\">\n  <img decoding=\"async\" class=\"card-img\" src=\"https:\/\/raisondhetre.ch\/wp-content\/uploads\/2024\/09\/Autumn-balance.png\" alt=\"Autumn Balance camp @ LCIS\">\n    <div class=\"hover-text\">Les d\u00e9jeuners, collations, tous les mat\u00e9riaux, tous les billets et transports pour les activit\u00e9s sont inclus dans le prix.<\/div>\n  <div class=\"card-text\">\n<h5 style=\"margin:0 0 0;\"><b>Equilibre d'Automne<br\/><span style=\"font-size:1rem;\">(4-7 ans)<\/span><\/b><\/h5>\n<p>@LCIS<\/p>\n<p class=\"desc\">Les d\u00e9jeuners, collations, tous les mat\u00e9riaux, tous les billets et transports pour les activit\u00e9s sont inclus dans le prix.<\/p>\n<p class=\"date\">Lun 14 octobre - Ven 18 octobre<br\/>9:00 - 16:00<\/p>\n    <p class=\"card-price\">CHF 590<\/p>\n<div style=\"text-align: center; padding-bottom: 20px;\"><a class=\"book-button\" href=\"https:\/\/lcisaubonne.myshopify.com\/fr\/products\/autumn-balance-4-7-years\" target=\"_blank\" rel=\"noopener\" style=\"font-size: 1rem;\">R\u00e9server<\/a>\n<\/div>\n  <\/div>\n<\/div>\n<div class=\"card\">\n  <img decoding=\"async\" class=\"card-img\" src=\"https:\/\/raisondhetre.ch\/wp-content\/uploads\/2024\/09\/AutumnLeaves.webp\" alt=\"Yoga & Nature Adventure Camp\">\n  <div class=\"hover-text\">Les collations, tous les mat\u00e9riaux, tous les billets et transports pour les activit\u00e9s sont inclus dans le prix. Les enfants am\u00e8nent un pique-nique.<\/div>\n  <div class=\"card-text\"> \n<h5 style=\"margin:0 0 0;\"><b>Yoga A\u00e9rien & Nature Aventure<br\/><span style=\"font-size:1rem;\">(3-10 ans)<\/span><\/b><\/h5>\n<p class=\"desc\">Les d\u00e9jeuners, collations, tous les mat\u00e9riaux, tous les billets et transports pour les activit\u00e9s sont inclus dans le prix.<\/p>\n<p class=\"date\">Lun 20 - Ven 24 octobre<br\/>9:00 - 16:00<\/p>\n    <p>CHF 550<\/p>\n<div style=\"text-align: center; padding-bottom: 20px;\"><a class=\"book-button\" href=\"https:\/\/app.acuityscheduling.com\/schedule.php?owner=20367979&appointmentType=63414172\" target=\"_blank\" rel=\"noopener\" style=\"font-size: 1rem;\">R\u00e9server<\/a>\n\t<link rel=\"stylesheet\" href=\"https:\/\/embed.acuityscheduling.com\/embed\/button\/20367979.css\" id=\"acuity-button-styles\">\n\t\t\t\t<script src=\"https:\/\/embed.acuityscheduling.com\/embed\/button\/20367979.js\" async=\"\"><\/script><\/div>\n  <\/div>\n<\/div>\n<\/div>\n\n<h4 style=\"text-align:center;\">D\u00e9cembre<\/h4>\n<div class=\"card-container\">\n<div class=\"card\">\n  <img decoding=\"async\" class=\"card-img\" src=\"https:\/\/raisondhetre.ch\/wp-content\/uploads\/2024\/11\/LCIS-Winter-Balance.webp\" alt=\"Camp Equilibre d'Hiver @ LCIS\">\n    <div class=\"hover-text\">Les d\u00e9jeuners, collations, tous les mat\u00e9riaux, tous les billets et transports pour les activit\u00e9s sont inclus dans le prix.<\/div>\n  <div class=\"card-text\">\n<h5 style=\"margin:0 0 0;\"><b>Equilibre d'Hiver<br\/><span style=\"font-size:1rem;\">(3-7 ans)<\/span><\/b><\/h5>\n<p>@LCIS<\/p>\n  <p class=\"desc\">Les d\u00e9jeuners, collations, tous les mat\u00e9riaux, tous les billets et transports pour les activit\u00e9s sont inclus dans le prix.<\/p>\n<p class=\"date\">Lun 16 D\u00e9cembre - Ven 20 D\u00e9cembre<br\/>9:00 - 16:00<\/p>\n    <p class=\"card-price\">CHF 590<\/p>\n<div style=\"text-align: center; padding-bottom: 20px;\"><a class=\"book-button\" href=\"https:\/\/lcisaubonne.myshopify.com\/products\/winter-balance-3-7-years-old\" target=\"_blank\" rel=\"noopener\" style=\"font-size: 1rem;\">R\u00e9server<\/a>\n<\/div>\n  <\/div>\n<\/div>\n<\/div>-->\n\n\n\n<link rel=\"stylesheet\" href=\"https:\/\/fonts.googleapis.com\/css?family=Lato\">\n<style>\n\n.book-btn {\n    display: block;\n    position: fixed;\n    right: 0;\n    top: 50%;\n    z-index: 9998;\n    cursor: pointer;\n    transform: translateY(-50%);\n    -ms-transform: translateY(-50%);\n    -webkit-transform: translateY(-50%);\n    -moz-transform: translateY(-50%);\n    transform: rotate(-90deg);\n  -webkit-transform: rotate(-90deg);\n  -moz-transform: rotate(-90deg);\n  -ms-transform: rotate(-90deg);\n  -o-transform: rotate(-90deg);\n  filter: progid:DXImageTransform.Microsoft.BasicImage(rotation=3);\n  text-decoration: none;\n  font-size: 1.2rem;\n  font-weight: bold;\n  background: rgb(230,61,65);\nbackground: linear-gradient(180deg, rgba(230,61,65,1) 40%, rgba(167,49,54,1) 100%);\n  color: white;\n  padding: 15px 30px;\n  margin-right: -91px;\n  font-family: 'Lato', sans serif;\n}\n@media (max-width: 600px) {\n.book-btn {\nright: auto;\nleft:0;\nwidth: 103%;\ntop:auto;\ntext-align: center;\nbottom:0;\n    transform: none;\n  -webkit-transform: none;\n  -moz-transform: none;\n  -ms-transform: none;\n  -o-transform: none;\n  filter: progid:DXImageTransform.Microsoft.BasicImage(rotation=0)\n  margin-right: 0;\n  margin-left: -8px;\n  padding: 15px 0;\n}\n}\n<\/style>\n\n\n<a class=\"book-btn\" href=\"https:\/\/raisondhetre.ch\/book-a-class\/\">R\u00e9server maintenant<\/a>\n","protected":false},"excerpt":{"rendered":"<p>Nous proposons des camps tout au long de l&rsquo;ann\u00e9e, de P\u00e2ques \u00e0 l&rsquo;\u00e9t\u00e9 et m\u00eame pendant les vacances d&rsquo;octobre! \u00c9veillez &hellip; <a href=\"https:\/\/raisondhetre.ch\/fr\/camps\/\" class=\"more-link\">Lire la suite de <span class=\"screen-reader-text\">Camps<\/span><\/a><\/p>\n","protected":false},"author":1,"featured_media":30143,"parent":0,"menu_order":0,"comment_status":"closed","ping_status":"closed","template":"full-width-page.php","meta":{"_monsterinsights_skip_tracking":false,"_monsterinsights_sitenote_active":false,"_monsterinsights_sitenote_note":"","_monsterinsights_sitenote_category":0,"footnotes":""},"tags":[],"class_list":["post-30887","page","type-page","status-publish","has-post-thumbnail","hentry"],"yoast_head":"<!-- This site is optimized with the Yoast SEO plugin v26.7 - https:\/\/yoast.com\/wordpress\/plugins\/seo\/ -->\n<title>Camps | Raison d&#039;H\u00eatre<\/title>\n<meta name=\"description\" content=\"\u00c9veillez la force int\u00e9rieure et explorez la nature! Camps de yoga et yoga a\u00e9rien ludiques, alliant mouvement, pleine conscience et aventures.\" \/>\n<meta name=\"robots\" content=\"index, follow, max-snippet:-1, max-image-preview:large, max-video-preview:-1\" \/>\n<link rel=\"canonical\" href=\"https:\/\/raisondhetre.ch\/fr\/camps\/\" \/>\n<meta property=\"og:locale\" content=\"fr_FR\" \/>\n<meta property=\"og:type\" content=\"article\" \/>\n<meta property=\"og:title\" content=\"Camps | Raison d&#039;H\u00eatre\" \/>\n<meta property=\"og:description\" content=\"\u00c9veillez la force int\u00e9rieure et explorez la nature! Camps de yoga et yoga a\u00e9rien ludiques, alliant mouvement, pleine conscience et aventures.\" \/>\n<meta property=\"og:url\" content=\"https:\/\/raisondhetre.ch\/fr\/camps\/\" \/>\n<meta property=\"og:site_name\" content=\"Raison d&#039;H\u00eatre\" \/>\n<meta property=\"article:publisher\" content=\"https:\/\/www.facebook.com\/Raison-dh%c3%aatre-109802160403870\" \/>\n<meta property=\"article:modified_time\" content=\"2026-04-28T21:14:08+00:00\" \/>\n<meta property=\"og:image\" content=\"https:\/\/raisondhetre.ch\/wp-content\/uploads\/2022\/11\/IMG_5940-scaled.jpg\" \/>\n\t<meta property=\"og:image:width\" content=\"2560\" \/>\n\t<meta property=\"og:image:height\" content=\"1707\" \/>\n\t<meta property=\"og:image:type\" content=\"image\/jpeg\" \/>\n<meta name=\"twitter:card\" content=\"summary_large_image\" \/>\n<meta name=\"twitter:label1\" content=\"Dur\u00e9e de lecture estim\u00e9e\" \/>\n\t<meta name=\"twitter:data1\" content=\"3 minutes\" \/>\n<script type=\"application\/ld+json\" class=\"yoast-schema-graph\">{\"@context\":\"https:\/\/schema.org\",\"@graph\":[{\"@type\":\"WebPage\",\"@id\":\"https:\/\/raisondhetre.ch\/fr\/camps\/\",\"url\":\"https:\/\/raisondhetre.ch\/fr\/camps\/\",\"name\":\"Camps | Raison d&#039;H\u00eatre\",\"isPartOf\":{\"@id\":\"https:\/\/raisondhetre.ch\/fr\/#website\"},\"primaryImageOfPage\":{\"@id\":\"https:\/\/raisondhetre.ch\/fr\/camps\/#primaryimage\"},\"image\":{\"@id\":\"https:\/\/raisondhetre.ch\/fr\/camps\/#primaryimage\"},\"thumbnailUrl\":\"https:\/\/raisondhetre.ch\/wp-content\/uploads\/2022\/11\/IMG_5940-scaled.jpg\",\"datePublished\":\"2024-03-17T22:36:22+00:00\",\"dateModified\":\"2026-04-28T21:14:08+00:00\",\"description\":\"\u00c9veillez la force int\u00e9rieure et explorez la nature! Camps de yoga et yoga a\u00e9rien ludiques, alliant mouvement, pleine conscience et aventures.\",\"breadcrumb\":{\"@id\":\"https:\/\/raisondhetre.ch\/fr\/camps\/#breadcrumb\"},\"inLanguage\":\"fr-FR\",\"potentialAction\":[{\"@type\":\"ReadAction\",\"target\":[\"https:\/\/raisondhetre.ch\/fr\/camps\/\"]}]},{\"@type\":\"ImageObject\",\"inLanguage\":\"fr-FR\",\"@id\":\"https:\/\/raisondhetre.ch\/fr\/camps\/#primaryimage\",\"url\":\"https:\/\/raisondhetre.ch\/wp-content\/uploads\/2022\/11\/IMG_5940-scaled.jpg\",\"contentUrl\":\"https:\/\/raisondhetre.ch\/wp-content\/uploads\/2022\/11\/IMG_5940-scaled.jpg\",\"width\":2560,\"height\":1707},{\"@type\":\"BreadcrumbList\",\"@id\":\"https:\/\/raisondhetre.ch\/fr\/camps\/#breadcrumb\",\"itemListElement\":[{\"@type\":\"ListItem\",\"position\":1,\"name\":\"Home\",\"item\":\"https:\/\/raisondhetre.ch\/fr\/\"},{\"@type\":\"ListItem\",\"position\":2,\"name\":\"Camps\"}]},{\"@type\":\"WebSite\",\"@id\":\"https:\/\/raisondhetre.ch\/fr\/#website\",\"url\":\"https:\/\/raisondhetre.ch\/fr\/\",\"name\":\"Raison d'H\u00eatre\",\"description\":\"Classes for young and old\",\"publisher\":{\"@id\":\"https:\/\/raisondhetre.ch\/fr\/#organization\"},\"potentialAction\":[{\"@type\":\"SearchAction\",\"target\":{\"@type\":\"EntryPoint\",\"urlTemplate\":\"https:\/\/raisondhetre.ch\/fr\/?s={search_term_string}\"},\"query-input\":{\"@type\":\"PropertyValueSpecification\",\"valueRequired\":true,\"valueName\":\"search_term_string\"}}],\"inLanguage\":\"fr-FR\"},{\"@type\":\"Organization\",\"@id\":\"https:\/\/raisondhetre.ch\/fr\/#organization\",\"name\":\"Raison d'H\u00eatre S\u00e0rl\",\"url\":\"https:\/\/raisondhetre.ch\/fr\/\",\"logo\":{\"@type\":\"ImageObject\",\"inLanguage\":\"fr-FR\",\"@id\":\"https:\/\/raisondhetre.ch\/fr\/#\/schema\/logo\/image\/\",\"url\":\"https:\/\/raisondhetre.ch\/wp-content\/uploads\/2019\/08\/Logo-1.png\",\"contentUrl\":\"https:\/\/raisondhetre.ch\/wp-content\/uploads\/2019\/08\/Logo-1.png\",\"width\":250,\"height\":245,\"caption\":\"Raison d'H\u00eatre S\u00e0rl\"},\"image\":{\"@id\":\"https:\/\/raisondhetre.ch\/fr\/#\/schema\/logo\/image\/\"},\"sameAs\":[\"https:\/\/www.facebook.com\/Raison-dh\u00eatre-109802160403870\"]}]}<\/script>\n<!-- \/ Yoast SEO plugin. -->","yoast_head_json":{"title":"Camps | Raison d&#039;H\u00eatre","description":"\u00c9veillez la force int\u00e9rieure et explorez la nature! Camps de yoga et yoga a\u00e9rien ludiques, alliant mouvement, pleine conscience et aventures.","robots":{"index":"index","follow":"follow","max-snippet":"max-snippet:-1","max-image-preview":"max-image-preview:large","max-video-preview":"max-video-preview:-1"},"canonical":"https:\/\/raisondhetre.ch\/fr\/camps\/","og_locale":"fr_FR","og_type":"article","og_title":"Camps | Raison d&#039;H\u00eatre","og_description":"\u00c9veillez la force int\u00e9rieure et explorez la nature! Camps de yoga et yoga a\u00e9rien ludiques, alliant mouvement, pleine conscience et aventures.","og_url":"https:\/\/raisondhetre.ch\/fr\/camps\/","og_site_name":"Raison d&#039;H\u00eatre","article_publisher":"https:\/\/www.facebook.com\/Raison-dh%c3%aatre-109802160403870","article_modified_time":"2026-04-28T21:14:08+00:00","og_image":[{"width":2560,"height":1707,"url":"https:\/\/raisondhetre.ch\/wp-content\/uploads\/2022\/11\/IMG_5940-scaled.jpg","type":"image\/jpeg"}],"twitter_card":"summary_large_image","twitter_misc":{"Dur\u00e9e de lecture estim\u00e9e":"3 minutes"},"schema":{"@context":"https:\/\/schema.org","@graph":[{"@type":"WebPage","@id":"https:\/\/raisondhetre.ch\/fr\/camps\/","url":"https:\/\/raisondhetre.ch\/fr\/camps\/","name":"Camps | Raison d&#039;H\u00eatre","isPartOf":{"@id":"https:\/\/raisondhetre.ch\/fr\/#website"},"primaryImageOfPage":{"@id":"https:\/\/raisondhetre.ch\/fr\/camps\/#primaryimage"},"image":{"@id":"https:\/\/raisondhetre.ch\/fr\/camps\/#primaryimage"},"thumbnailUrl":"https:\/\/raisondhetre.ch\/wp-content\/uploads\/2022\/11\/IMG_5940-scaled.jpg","datePublished":"2024-03-17T22:36:22+00:00","dateModified":"2026-04-28T21:14:08+00:00","description":"\u00c9veillez la force int\u00e9rieure et explorez la nature! Camps de yoga et yoga a\u00e9rien ludiques, alliant mouvement, pleine conscience et aventures.","breadcrumb":{"@id":"https:\/\/raisondhetre.ch\/fr\/camps\/#breadcrumb"},"inLanguage":"fr-FR","potentialAction":[{"@type":"ReadAction","target":["https:\/\/raisondhetre.ch\/fr\/camps\/"]}]},{"@type":"ImageObject","inLanguage":"fr-FR","@id":"https:\/\/raisondhetre.ch\/fr\/camps\/#primaryimage","url":"https:\/\/raisondhetre.ch\/wp-content\/uploads\/2022\/11\/IMG_5940-scaled.jpg","contentUrl":"https:\/\/raisondhetre.ch\/wp-content\/uploads\/2022\/11\/IMG_5940-scaled.jpg","width":2560,"height":1707},{"@type":"BreadcrumbList","@id":"https:\/\/raisondhetre.ch\/fr\/camps\/#breadcrumb","itemListElement":[{"@type":"ListItem","position":1,"name":"Home","item":"https:\/\/raisondhetre.ch\/fr\/"},{"@type":"ListItem","position":2,"name":"Camps"}]},{"@type":"WebSite","@id":"https:\/\/raisondhetre.ch\/fr\/#website","url":"https:\/\/raisondhetre.ch\/fr\/","name":"Raison d'H\u00eatre","description":"Classes for young and old","publisher":{"@id":"https:\/\/raisondhetre.ch\/fr\/#organization"},"potentialAction":[{"@type":"SearchAction","target":{"@type":"EntryPoint","urlTemplate":"https:\/\/raisondhetre.ch\/fr\/?s={search_term_string}"},"query-input":{"@type":"PropertyValueSpecification","valueRequired":true,"valueName":"search_term_string"}}],"inLanguage":"fr-FR"},{"@type":"Organization","@id":"https:\/\/raisondhetre.ch\/fr\/#organization","name":"Raison d'H\u00eatre S\u00e0rl","url":"https:\/\/raisondhetre.ch\/fr\/","logo":{"@type":"ImageObject","inLanguage":"fr-FR","@id":"https:\/\/raisondhetre.ch\/fr\/#\/schema\/logo\/image\/","url":"https:\/\/raisondhetre.ch\/wp-content\/uploads\/2019\/08\/Logo-1.png","contentUrl":"https:\/\/raisondhetre.ch\/wp-content\/uploads\/2019\/08\/Logo-1.png","width":250,"height":245,"caption":"Raison d'H\u00eatre S\u00e0rl"},"image":{"@id":"https:\/\/raisondhetre.ch\/fr\/#\/schema\/logo\/image\/"},"sameAs":["https:\/\/www.facebook.com\/Raison-dh\u00eatre-109802160403870"]}]}},"jetpack_sharing_enabled":true,"_links":{"self":[{"href":"https:\/\/raisondhetre.ch\/fr\/wp-json\/wp\/v2\/pages\/30887","targetHints":{"allow":["GET"]}}],"collection":[{"href":"https:\/\/raisondhetre.ch\/fr\/wp-json\/wp\/v2\/pages"}],"about":[{"href":"https:\/\/raisondhetre.ch\/fr\/wp-json\/wp\/v2\/types\/page"}],"author":[{"embeddable":true,"href":"https:\/\/raisondhetre.ch\/fr\/wp-json\/wp\/v2\/users\/1"}],"replies":[{"embeddable":true,"href":"https:\/\/raisondhetre.ch\/fr\/wp-json\/wp\/v2\/comments?post=30887"}],"version-history":[{"count":55,"href":"https:\/\/raisondhetre.ch\/fr\/wp-json\/wp\/v2\/pages\/30887\/revisions"}],"predecessor-version":[{"id":32874,"href":"https:\/\/raisondhetre.ch\/fr\/wp-json\/wp\/v2\/pages\/30887\/revisions\/32874"}],"wp:featuredmedia":[{"embeddable":true,"href":"https:\/\/raisondhetre.ch\/fr\/wp-json\/wp\/v2\/media\/30143"}],"wp:attachment":[{"href":"https:\/\/raisondhetre.ch\/fr\/wp-json\/wp\/v2\/media?parent=30887"}],"wp:term":[{"taxonomy":"post_tag","embeddable":true,"href":"https:\/\/raisondhetre.ch\/fr\/wp-json\/wp\/v2\/tags?post=30887"}],"curies":[{"name":"wp","href":"https:\/\/api.w.org\/{rel}","templated":true}]}}